{"id":634,"date":"2025-10-24T07:58:24","date_gmt":"2025-10-24T05:58:24","guid":{"rendered":"https:\/\/solfemmes.ch\/association\/stellenangebote\/"},"modified":"2026-02-10T14:03:47","modified_gmt":"2026-02-10T13:03:47","slug":"offres-demploi","status":"publish","type":"page","link":"https:\/\/solfemmes.ch\/fr\/association\/offres-demploi\/","title":{"rendered":"Offres d&#8217;emploi"},"content":{"rendered":"<section class=\"l-section wpb_row height_huge\"><div class=\"l-section-h i-cf\"><div class=\"g-cols vc_row via_grid cols_1 laptops-cols_inherit tablets-cols_inherit mobiles-cols_1 valign_top type_default stacking_default\"><div class=\"wpb_column vc_column_container\"><div class=\"vc_column-inner\"><div class=\"wpb_text_column\"><div class=\"wpb_wrapper\"><p>L&rsquo;association <strong>Solidarit\u00e9 femmes Biel\/Bienne &amp; r\u00e9gion<\/strong> g\u00e8re, sur mandat du canton de Berne, une maison d&rsquo;accueil pour femme et un centre de consultation ambulatoire pour les femmes et les enfants concern\u00e9\u2219e\u2219s par la violence domestique. En tant que centre d\u2019intervention en situation de crise, notre \u00e9tablissement offre un h\u00e9bergement s\u00e9curis\u00e9, un accompagnement ambulatoire ainsi que d\u2019autres prestations conform\u00e9ment \u00e0 la Loi sur l\u2019aide aux victimes (LAVI).<br \/>\n\u00c0 partir de juin 2026, Solidarit\u00e9 femmes Bienne &amp; R\u00e9gion sera charg\u00e9e de cr\u00e9er un h\u00e9bergement prot\u00e9g\u00e9 destin\u00e9 aux jeunes filles et jeunes femmes \u00e2g\u00e9es de 14 \u00e0 20 ans touch\u00e9es par la violence domestique. Pour ce projet pilote passionnant et important, pr\u00e9vu sur trois ans, nous recherchons des<\/p>\n<h2>\u00e9ducatrices sociales et des travailleuses sociales (60\u201380 %).<\/h2>\n<p><strong>Vos t\u00e2ches :<\/strong><\/p>\n<ul>\n<li>Accompagnement de jeunes filles et de jeunes femmes victimes de violences dans des situations de crise aigu\u00eb<\/li>\n<li>Suivi des situations en tant que personne de r\u00e9f\u00e9rence (planification du s\u00e9jour, organisation de la vie quotidienne, collaboration avec les services et autorit\u00e9s concern\u00e9s, recherche de solutions de suivi adapt\u00e9es)<\/li>\n<li>Travail socio-\u00e9ducatif avec l\u2019ensemble du groupe de jeunes filles (organisation du quotidien et des activit\u00e9s de loisirs, etc.)<\/li>\n<\/ul>\n<p><strong>Votre profil :<\/strong><\/p>\n<ul>\n<li>Formation achev\u00e9e en travail social ou titre jug\u00e9 \u00e9quivalent<\/li>\n<li>Exp\u00e9rience dans le travail en milieu stationnaire avec des adolescent\u2219e\u2219s et\/ou des jeunes adultes dans des contextes de crise<\/li>\n<li>Exp\u00e9rience dans le conseil et l\u2019accompagnement de personnes ayant v\u00e9cu des traumatismes<\/li>\n<li>Bonne autonomie organisationnelle (gestion du temps de travail, des t\u00e2ches et des priorit\u00e9s) et capacit\u00e9 \u00e0 garder son calme ainsi qu\u2019une vision d&rsquo;ensemble m\u00eame dans les situations de crise<\/li>\n<li>Sens des responsabilit\u00e9s, flexibilit\u00e9 et motivation \u00e0 s\u2019investir dans un projet pilote \u00e0 caract\u00e8re \u00e9volutif<\/li>\n<li>Disponibilit\u00e9 pour des horaires de travail irr\u00e9guliers<\/li>\n<li>Langue maternelle allemande ou fran\u00e7aise, avec de tr\u00e8s bonnes connaissances de l\u2019autre langue, au minimum niveau B2 \u00e0 l\u2019oral (id\u00e9alement bilingue).<\/li>\n<\/ul>\n<p><strong>Nous offrons :<\/strong><\/p>\n<ul>\n<li>Une activit\u00e9 stimulante et porteuse de sens au sein d\u2019une \u00e9quipe multidisciplinaire engag\u00e9e<\/li>\n<li>La possibilit\u00e9 de participer d\u00e8s le d\u00e9but \u00e0 la mise en place d\u2019un nouveau projet, d\u2019y apporter ses propres exp\u00e9riences et id\u00e9es, et de contribuer activement \u00e0 son d\u00e9veloppement durant la phase pilote<\/li>\n<li>Des conditions d\u2019engagement align\u00e9es sur les directives cantonales<\/li>\n<li>Un lieu de travail central, situ\u00e9 en ville de Bienne, dans un environnement bilingue<\/li>\n<\/ul>\n<p>Pour toute question ou information compl\u00e9mentaire, la directrice, Manuela Schild, se tient volontiers \u00e0 votre disposition au 032 322 03 44. Merci d\u2019envoyer votre dossier de candidature complet (lettre de motivation, CV sans photo, dipl\u00f4mes, certificats de travail) jusqu\u2019au 22.02.2026 \u00e0 l\u2019adresse suivante : <a href=\"mailto:direction@solfemmes.ch\">direction@solfemmes.ch<\/a>.<\/p>\n<p>Le processus de recrutement commence d\u00e8s r\u00e9ception des candidatures. Les entretiens auront lieu \u00e0 partir de mi-f\u00e9vrier.<\/p>\n<\/div><\/div><\/div><\/div><\/div><\/div><\/section><section class=\"l-section wpb_row height_huge\"><div class=\"l-section-h i-cf\"><div class=\"g-cols vc_row via_grid cols_1 laptops-cols_inherit tablets-cols_inherit mobiles-cols_1 valign_top type_default stacking_default\"><div class=\"wpb_column vc_column_container\"><div class=\"vc_column-inner\"><div class=\"wpb_text_column\"><div class=\"wpb_wrapper\"><p>L&rsquo;association Solidarit\u00e9 femmes Bienne &amp; r\u00e9gion, centre LAVI reconnu par le canton de Berne, g\u00e8re une maison d\u2019accueil et un centre de consultation ambulatoire.<br \/>\nEn tant que centre d\u2019intervention de crise, nous offrons aux femmes et enfants concern\u00e9\u2219e\u2219s par la violence domestique un h\u00e9bergement d\u2019urgence, des consultations ambulatoires, un accompagnement psychosocial ainsi que d\u2019autres prestations conform\u00e9ment \u00e0 la Loi sur l\u2019aide aux victimes (LAVI).<br \/>\nNous recherchons, \u00e0 partir du 1er juillet 2026, pour notre centre de consultation ambulatoire, une travailleuse sociale ou psychologue pour un poste<\/p>\n<h2>d\u2019intervenante LAVI (80%)<\/h2>\n<p>dans le cadre d\u2019un remplacement de cong\u00e9 maternit\u00e9 de six mois.<\/p>\n<p><strong>Vos t\u00e2ches principales<\/strong><\/p>\n<ul>\n<li>Consultations t\u00e9l\u00e9phoniques et ambulatoires pour les femmes et leurs enfants\/leurs proches concern\u00e9\u2219e\u2219s par des violences domestiques<\/li>\n<li>Intervention de crise<\/li>\n<li>Travail en r\u00e9seau avec d\u2019autres institutions et avec les autorit\u00e9s<\/li>\n<\/ul>\n<p><strong>Votre profil<\/strong><\/p>\n<ul>\n<li>Dipl\u00f4me universitaire ou d&rsquo;une haute \u00e9cole sp\u00e9cialis\u00e9e (min. Bachelor) en travail social, psychologie ou similaire et plusieurs ann\u00e9es d&rsquo;exp\u00e9rience professionnelle dans le domaine.<\/li>\n<li>Exp\u00e9rience dans le domaine de consultation et d\u2019accompagnement de personnes ayant v\u00e9cu des traumatismes<\/li>\n<li>Formation et\/ou exp\u00e9rience de travail dans le domaine de la violence domestique<\/li>\n<li>Sens des responsabilit\u00e9s, flexibilit\u00e9 et r\u00e9sistance au stress<\/li>\n<li>De langue allemande ou fran\u00e7aise avec de tr\u00e8s bonnes connaissances de l&rsquo;autre langue (ma\u00eetrise des deux langues indispensable)<\/li>\n<\/ul>\n<p><strong>Ce que nous offrons<\/strong><\/p>\n<ul>\n<li>Une activit\u00e9 passionnante et porteuse de sens au sein d&rsquo;une \u00e9quipe engag\u00e9e et dans un climat de travail constructif.<\/li>\n<li>Des conditions d&#8217;emploi conformes aux directives cantonales.<\/li>\n<li>Un lieu de travail situ\u00e9 au centre de la ville de Bienne dans un environnement bilingue.<\/li>\n<\/ul>\n<p>Nous nous r\u00e9jouissons de recevoir votre dossier complet (lettre de motivation, CV sans photo, dipl\u00f4mes, certificats de travail) jusqu\u2019au 28.02.2026 \u00e0 l\u2019adresse <a href=\"mailto:direction@solfemmes.ch\">direction@solfemmes.ch<\/a>.<br \/>\nSi vous avez des questions ou si vous souhaitez de plus amples informations, la coordinatrice du centre de consultation ambulatoire, M\u00e9lanie Meier se tient volontiers \u00e0 votre disposition au 032 322 03 44.<br \/>\nLe processus de recrutement commence d\u00e8s la r\u00e9ception des dossiers de candidatures.<\/p>\n<\/div><\/div><\/div><\/div><\/div><\/div><\/section><section class=\"l-section wpb_row height_huge\"><div class=\"l-section-h i-cf\"><div class=\"g-cols vc_row via_grid cols_1 laptops-cols_inherit tablets-cols_inherit mobiles-cols_1 valign_top type_default stacking_default\"><div class=\"wpb_column vc_column_container\"><div class=\"vc_column-inner\"><div class=\"wpb_text_column\"><div class=\"wpb_wrapper\"><p>L&rsquo;association Solidarit\u00e9 femmes Bienne &amp; r\u00e9gion, centre LAVI reconnu par le canton de Berne, g\u00e8re une maison d\u2019accueil et un centre de consultation ambulatoire pour les femmes et enfants concern\u00e9\u2219e\u2219s par la violence domestique.<br \/>\nEn tant que centre d\u2019intervention de crise, nous offrons un h\u00e9bergement d\u2019urgence, des consultations ambulatoires, un accompagnement psychosocial ainsi que d\u2019autres prestations conform\u00e9ment \u00e0 la Loi sur l\u2019aide aux victimes (LAVI).<br \/>\nSolidarit\u00e9 femmes recherche<\/p>\n<h2>une intervenante LAVI \u00e0 65%<\/h2>\n<p>pour int\u00e9grer l\u2019\u00e9quipe \u00ab femmes \u00bb de la maison d\u2019accueil.<\/p>\n<p><strong>Vos t\u00e2ches :<\/strong><\/p>\n<ul>\n<li>Permanences t\u00e9l\u00e9phoniques au centre de consultation ambulatoire, intervention de crise avec les femmes et enfants concern\u00e9s par de la violence domestique.<\/li>\n<li>Entretiens d&rsquo;\u00e9valuation et d&rsquo;admission, accompagnement psychosocial des femmes h\u00e9berg\u00e9es dans le foyer, conseil juridique dans le cadre de proc\u00e9dures p\u00e9nales, civiles et relevant du droit des \u00e9trangers.<\/li>\n<li>Evaluation des risques li\u00e9s \u00e0 la violence domestique et mise en place des mesures de protection n\u00e9cessaires.<\/li>\n<li>Travail en r\u00e9seau avec les partenaires du domaine, les institutions et les autorit\u00e9s.<\/li>\n<li>R\u00e9daction de rapports pour les tribunaux et autorit\u00e9s.<\/li>\n<li>Pr\u00e9sence \u00e0 la maison d\u2019accueil (aussi les weekend), accompagnement de la vie en communaut\u00e9 et m\u00e9diation des potentiels conflits, animation aupr\u00e8s des femmes et des enfants.<\/li>\n<li>Service de piquet en dehors des heures de pr\u00e9sence.<\/li>\n<li>Accompagnement du d\u00e9veloppement des proc\u00e9dures, des instruments de travail et de la gestion de la qualit\u00e9.<\/li>\n<li>Prise en charge de th\u00e9matiques sp\u00e9cifiques (travail de ressort).<\/li>\n<\/ul>\n<p><strong>Profil souhait\u00e9 :<\/strong><\/p>\n<ul>\n<li>Formation en travail social, p\u00e9dagogie, psychologie ou sciences sociales (min. BA) et plusieurs ann\u00e9es d\u2019exp\u00e9rience professionnelle dans le domaine social<\/li>\n<li>Exp\u00e9rience dans le domaine de consultation et d\u2019accompagnement de personnes ayant v\u00e9cu des traumatismes<\/li>\n<li>Bonne autonomie organisationnelle (gestion du temps de travail, des t\u00e2ches et des priorit\u00e9s) et capacit\u00e9 \u00e0 garder son calme ainsi qu\u2019une vision d&rsquo;ensemble m\u00eame dans les situations de crise<\/li>\n<li>Sens des responsabilit\u00e9s, autonomie, capacit\u00e9 \u00e0 travailler dans une \u00e9quipe bilingue et de prendre des initiatives.<\/li>\n<li>Langues : fran\u00e7ais avec de tr\u00e8s bonnes connaissances de l\u2019allemand ou allemand avec de tr\u00e8s bonnes connaissances du fran\u00e7ais, id\u00e9alement bilingue (imp\u00e9ratif pour mener des entretiens et assumer la permanence t\u00e9l\u00e9phonique dans les deux langues).<\/li>\n<\/ul>\n<p><strong>Ce que nous offrons<\/strong><\/p>\n<ul>\n<li>Une activit\u00e9 passionnante et porteuse de sens au sein d&rsquo;une \u00e9quipe pluridisciplinaire engag\u00e9e<\/li>\n<li>Des conditions d&#8217;emploi conformes aux directives cantonales.<\/li>\n<li>Un lieu de travail situ\u00e9 au centre de la ville de Bienne dans un environnement bilingue.<\/li>\n<\/ul>\n<p>Nous nous r\u00e9jouissons de recevoir votre dossier complet (lettre de motivation, CV sans photo, dipl\u00f4mes, certificats de travail) jusqu\u2019au 28 f\u00e9vrier \u00e0 l\u2019adresse <a href=\"mailto:direction@solfemmes.ch\">direction@solfemmes.ch<\/a><br \/>\nPour tout renseignement, vous pouvez vous adresser \u00e0 Mme Mila Meury-Tour\u00e9, coordinatrice de la maison d\u2019accueil au num\u00e9ro 032 322 03 44.<br \/>\nLe processus de recrutement d\u00e9marre d\u00e8s r\u00e9ception des dossiers.<\/p>\n<\/div><\/div><\/div><\/div><\/div><\/div><\/section><section class=\"l-section wpb_row height_huge\"><div class=\"l-section-h i-cf\"><div class=\"g-cols vc_row via_grid cols_1 laptops-cols_inherit tablets-cols_inherit mobiles-cols_1 valign_top type_default stacking_default\"><div class=\"wpb_column vc_column_container\"><div class=\"vc_column-inner\"><div class=\"wpb_text_column\"><div class=\"wpb_wrapper\"><p>Solidarit\u00e9 femmes Bienne &amp; R\u00e9gion, centre LAVI reconnu par le canton de Berne, est compos\u00e9 d\u2019une maison d\u2019accueil et d\u2019un centre de consultation ambulatoire pour femmes et enfants concern\u00e9\u2219e\u2219s par la violence domestique. En tant que service d\u2019intervention de crise, notre institution offre aux femmes et \u00e0 leurs enfants un h\u00e9bergement s\u00e9curis\u00e9, des consultations ambulatoires et d\u2019autres prestations pr\u00e9vues par la LAVI (Loi sur l\u2019aide aux victimes d\u2019infractions).<br \/>\nEn collaboration avec la Ville de Bienne, mandante du projet, Solidarit\u00e9 femmes lance le projet pilote \u00abde porte \u00e0 porte\u00bb. S\u2019appuyant sur les exp\u00e9riences positives du projet du m\u00eame nom (\u00abT\u00fcr an T\u00fcr\u00bb \u00abde porte \u00e0 porte \u00bb) men\u00e9 \u00e0 Berne, les habitant\u00b7e\u00b7s du quartier sont sensibilis\u00e9\u00b7e\u00b7s, des personnes-cl\u00e9s sont renforc\u00e9es et l\u2019engagement de la soci\u00e9t\u00e9 civile est encourag\u00e9. L\u2019objectif du projet est de pr\u00e9venir la violence domestique en favorisant une vigilance consciente ainsi qu\u2019une orientation pr\u00e9coce vers des offres de soutien et une aide professionnelle.<br \/>\nPour la mise en place et la r\u00e9alisation du projet, nous recherchons pour avril, ou \u00e0 convenir, une*:<\/p>\n<h2>Responsable de projet (60 %)<\/h2>\n<p><strong>Vos missions<\/strong><\/p>\n<ul>\n<li>Coordination globale et mise en oeuvre op\u00e9rationnelle du projet pilote \u00ab Porte \u00e0 porte \u00bb dans un quartier de la Ville de Bienne<\/li>\n<li>Mise en place, entretien et coordination d\u2019un r\u00e9seau interdisciplinaire (acteurs\u00b7trices du quartier, services sp\u00e9cialis\u00e9s, administration, organisations de la soci\u00e9t\u00e9 civile)<\/li>\n<li>Planification, organisation et animation de manifestations, ateliers et actions publiques dans le quartier<\/li>\n<li>Recrutement, formation et accompagnement de personnes-cl\u00e9s et de multiplicateurs\u00b7trices<\/li>\n<li>Collaboration \u00e9troite avec l\u2019Infoquartier, les autorit\u00e9s concern\u00e9es ainsi que d\u2019autres organisations partenaires<\/li>\n<li>Documentation, \u00e9tablissement de rapports et participation \u00e0 l\u2019\u00e9valuation du projet pilote<\/li>\n<li>Travail de relations publiques en collaboration avec les services comp\u00e9tents<\/li>\n<\/ul>\n<p><strong>Votre profil<\/strong><\/p>\n<ul>\n<li>Dipl\u00f4me universitaire ou HES en travail social, sciences sociales ou dans un domaine apparent\u00e9<\/li>\n<li>Exp\u00e9rience en coordination ou en gestion de projets, id\u00e9alement dans le domaine social, de la pr\u00e9vention ou du travail communautaire<\/li>\n<li>Connaissances en mati\u00e8re de violence domestique et de violence bas\u00e9e sur le genre, ainsi qu\u2019en pr\u00e9vention et sensibilisation<\/li>\n<li>M\u00e9thode de travail autonome et en r\u00e9seau, avec de bonnes comp\u00e9tences organisationnelles et communicationnelles<\/li>\n<li>Langue maternelle allemande ou fran\u00e7aise avec de tr\u00e8s bonnes connaissances de l\u2019autre langue (bilinguisme Bienne\/Biel)<\/li>\n<\/ul>\n<p><strong>Nous offrons<\/strong><\/p>\n<ul>\n<li>Une activit\u00e9 porteuse de sens dans un domaine social de grande importance<\/li>\n<li>La possibilit\u00e9 de participer activement \u00e0 la conception et au d\u00e9veloppement d\u2019un projet de pr\u00e9vention innovan<\/li>\n<li>Une collaboration \u00e9troite avec des professionnel\u00b7le\u00b7s et des institutions engag\u00e9es<\/li>\n<li>Des conditions d\u2019engagement conformes aux usages de la branche<\/li>\n<\/ul>\n<p>Nous nous r\u00e9jouissons de recevoir votre dossier complet (lettre de motivation, CV sans photo, dipl\u00f4mes, certificats de travail) jusqu\u2019au 01 mars \u00e0 l\u2019adresse <a href=\"mailto:direction@solfemmes.ch\">direction@solfemmes.ch<\/a><br \/>\nPour toute question ou information compl\u00e9mentaire, la directrice Manuela Schild se tient volontiers \u00e0 votre disposition au 032 322 03 44.<\/p>\n<\/div><\/div><\/div><\/div><\/div><\/div><\/section><section class=\"l-section wpb_row height_huge\"><div class=\"l-section-h i-cf\"><div class=\"g-cols vc_row via_grid cols_1 laptops-cols_inherit tablets-cols_inherit mobiles-cols_1 valign_top type_default stacking_default\"><div class=\"wpb_column vc_column_container\"><div class=\"vc_column-inner\"><div class=\"wpb_text_column\"><div class=\"wpb_wrapper\"><p>Actuellement, il n&rsquo;y a pas de postes vacants \u00e0 pourvoir<\/p>\n<\/div><\/div><\/div><\/div><\/div><\/div><\/section>\n","protected":false},"excerpt":{"rendered":"L&rsquo;association Solidarit\u00e9 femmes Biel\/Bienne &amp; r\u00e9gion g\u00e8re, sur mandat du canton de Berne, une maison d&rsquo;accueil pour femme et un centre de consultation ambulatoire pour les femmes et les enfants concern\u00e9\u2219e\u2219s par la violence domestique. En tant que centre d\u2019intervention en situation de crise, notre \u00e9tablissement offre un h\u00e9bergement s\u00e9curis\u00e9, un accompagnement ambulatoire ainsi que...","protected":false},"author":1,"featured_media":635,"parent":618,"menu_order":0,"comment_status":"closed","ping_status":"closed","template":"","meta":{"footnotes":""},"class_list":["post-634","page","type-page","status-publish","has-post-thumbnail","hentry"],"_links":{"self":[{"href":"https:\/\/solfemmes.ch\/fr\/wp-json\/wp\/v2\/pages\/634","targetHints":{"allow":["GET"]}}],"collection":[{"href":"https:\/\/solfemmes.ch\/fr\/wp-json\/wp\/v2\/pages"}],"about":[{"href":"https:\/\/solfemmes.ch\/fr\/wp-json\/wp\/v2\/types\/page"}],"author":[{"embeddable":true,"href":"https:\/\/solfemmes.ch\/fr\/wp-json\/wp\/v2\/users\/1"}],"replies":[{"embeddable":true,"href":"https:\/\/solfemmes.ch\/fr\/wp-json\/wp\/v2\/comments?post=634"}],"version-history":[{"count":9,"href":"https:\/\/solfemmes.ch\/fr\/wp-json\/wp\/v2\/pages\/634\/revisions"}],"predecessor-version":[{"id":1019,"href":"https:\/\/solfemmes.ch\/fr\/wp-json\/wp\/v2\/pages\/634\/revisions\/1019"}],"up":[{"embeddable":true,"href":"https:\/\/solfemmes.ch\/fr\/wp-json\/wp\/v2\/pages\/618"}],"wp:featuredmedia":[{"embeddable":true,"href":"https:\/\/solfemmes.ch\/fr\/wp-json\/wp\/v2\/media\/635"}],"wp:attachment":[{"href":"https:\/\/solfemmes.ch\/fr\/wp-json\/wp\/v2\/media?parent=634"}],"curies":[{"name":"wp","href":"https:\/\/api.w.org\/{rel}","templated":true}]}}